{"id":187,"date":"2021-04-20T17:29:11","date_gmt":"2021-04-20T15:29:11","guid":{"rendered":"http:\/\/fabian-nehm.de\/?page_id=187"},"modified":"2021-04-21T13:52:29","modified_gmt":"2021-04-21T11:52:29","slug":"ausstellungen","status":"publish","type":"page","link":"http:\/\/fabian-nehm.de\/index.php\/ausstellungen\/","title":{"rendered":"Ausstellungen"},"content":{"rendered":"\n<p>(Auswahl)<\/p>\n\n\n\n<div style=\"height:25px\" aria-hidden=\"true\" class=\"wp-block-spacer\"><\/div>\n\n\n\n<h2><strong>Eiche Rustikal<\/strong><\/h2>\n\n\n\n<p>Abschlussausstellung in der Kunstakademie M\u00fcnster, 2019<\/p>\n\n\n\n<p class=\"has-text-align-justify\">Was sehen wir? Stehend, liegend, lehnend. Wenn man formal auf die Arbeit von Fabian Nehm schaut k\u00f6nnte man davon ausgehen das es sich um eine Minimalistische Erprobung von Objekten im Bezug zum Raum geht. Ein weiterer Schritt w\u00e4re die Vergleichbarkeit mit der Dekormalerei die eine lange Tradition durch die Kunstgeschichte bildet und sich grade in der Antike, Renaissance und im Barock einer gro\u00dfen Beliebtheit erfreute.&nbsp;Desweiteren gibt es offensichtlich einen Bezug zur Imitation. \u201eWie erschaffe ich ein Gef\u00fchl von&#8230;?\u201c&nbsp; Klar ist wir sehen keine B\u00e4ume. Was wir sehen sind gro\u00dfe Pappr\u00f6hren die Braun angespr\u00fcht sind und Linien haben. Befinden wir uns also in einer Diskussion \u00fcber Minimalart, eines Versuchs die Dekormalerei wieder in den Kunstgeschichtlichen Kontext zu bef\u00f6rdern oder einer aus dem Kontext gerissenen imitierenden Jahrmarkt\u00e4sthetik?&nbsp;Jeder der Lust hat ist bei der Arbeit von Fabian Nehm &#8211; Eiche Rustikal dazu eingeladen weitere Bez\u00fcge zu finden und sich der Frage zu stellen \u201ewas sehe ich ?<em>\u201c<\/em><\/p>\n\n\n\n<figure class=\"wp-block-gallery columns-5 is-cropped\"><ul class=\"blocks-gallery-grid\"><li class=\"blocks-gallery-item\"><figure><a href=\"http:\/\/fabian-nehm.de\/wp-content\/uploads\/2021\/04\/MG_0112.jpg\"><img loading=\"lazy\" width=\"1024\" height=\"683\" src=\"http:\/\/fabian-nehm.de\/wp-content\/uploads\/2021\/04\/MG_0112-1024x683.jpg\" alt=\"\" data-id=\"53\" data-full-url=\"http:\/\/fabian-nehm.de\/wp-content\/uploads\/2021\/04\/MG_0112.jpg\" data-link=\"http:\/\/fabian-nehm.de\/?attachment_id=53\" class=\"wp-image-53\" srcset=\"http:\/\/fabian-nehm.de\/wp-content\/uploads\/2021\/04\/MG_0112-1024x683.jpg 1024w, http:\/\/fabian-nehm.de\/wp-content\/uploads\/2021\/04\/MG_0112-300x200.jpg 300w, http:\/\/fabian-nehm.de\/wp-content\/uploads\/2021\/04\/MG_0112-768x512.jpg 768w, http:\/\/fabian-nehm.de\/wp-content\/uploads\/2021\/04\/MG_0112-1200x800.jpg 1200w, http:\/\/fabian-nehm.de\/wp-content\/uploads\/2021\/04\/MG_0112.jpg 1500w\" sizes=\"(max-width: 1024px) 100vw, 1024px\" \/><\/a><\/figure><\/li><li class=\"blocks-gallery-item\"><figure><a href=\"http:\/\/fabian-nehm.de\/wp-content\/uploads\/2021\/04\/MG_0117.jpg\"><img loading=\"lazy\" width=\"683\" height=\"1024\" src=\"http:\/\/fabian-nehm.de\/wp-content\/uploads\/2021\/04\/MG_0117-683x1024.jpg\" alt=\"\" data-id=\"39\" data-full-url=\"http:\/\/fabian-nehm.de\/wp-content\/uploads\/2021\/04\/MG_0117.jpg\" data-link=\"http:\/\/fabian-nehm.de\/?attachment_id=39\" class=\"wp-image-39\" srcset=\"http:\/\/fabian-nehm.de\/wp-content\/uploads\/2021\/04\/MG_0117-683x1024.jpg 683w, http:\/\/fabian-nehm.de\/wp-content\/uploads\/2021\/04\/MG_0117-200x300.jpg 200w, http:\/\/fabian-nehm.de\/wp-content\/uploads\/2021\/04\/MG_0117-768x1152.jpg 768w, http:\/\/fabian-nehm.de\/wp-content\/uploads\/2021\/04\/MG_0117.jpg 1000w\" sizes=\"(max-width: 683px) 100vw, 683px\" \/><\/a><\/figure><\/li><li class=\"blocks-gallery-item\"><figure><a href=\"http:\/\/fabian-nehm.de\/wp-content\/uploads\/2021\/04\/MG_0110.jpg\"><img loading=\"lazy\" width=\"1024\" height=\"683\" src=\"http:\/\/fabian-nehm.de\/wp-content\/uploads\/2021\/04\/MG_0110-1024x683.jpg\" alt=\"\" data-id=\"38\" data-full-url=\"http:\/\/fabian-nehm.de\/wp-content\/uploads\/2021\/04\/MG_0110.jpg\" data-link=\"http:\/\/fabian-nehm.de\/?attachment_id=38\" class=\"wp-image-38\" srcset=\"http:\/\/fabian-nehm.de\/wp-content\/uploads\/2021\/04\/MG_0110-1024x683.jpg 1024w, http:\/\/fabian-nehm.de\/wp-content\/uploads\/2021\/04\/MG_0110-300x200.jpg 300w, http:\/\/fabian-nehm.de\/wp-content\/uploads\/2021\/04\/MG_0110-768x512.jpg 768w, http:\/\/fabian-nehm.de\/wp-content\/uploads\/2021\/04\/MG_0110-1200x800.jpg 1200w, http:\/\/fabian-nehm.de\/wp-content\/uploads\/2021\/04\/MG_0110.jpg 1500w\" sizes=\"(max-width: 1024px) 100vw, 1024px\" \/><\/a><\/figure><\/li><li class=\"blocks-gallery-item\"><figure><a href=\"http:\/\/fabian-nehm.de\/wp-content\/uploads\/2021\/04\/MG_0109.jpg\"><img loading=\"lazy\" width=\"1024\" height=\"683\" src=\"http:\/\/fabian-nehm.de\/wp-content\/uploads\/2021\/04\/MG_0109-1024x683.jpg\" alt=\"\" data-id=\"37\" data-full-url=\"http:\/\/fabian-nehm.de\/wp-content\/uploads\/2021\/04\/MG_0109.jpg\" data-link=\"http:\/\/fabian-nehm.de\/?attachment_id=37\" class=\"wp-image-37\" srcset=\"http:\/\/fabian-nehm.de\/wp-content\/uploads\/2021\/04\/MG_0109-1024x683.jpg 1024w, http:\/\/fabian-nehm.de\/wp-content\/uploads\/2021\/04\/MG_0109-300x200.jpg 300w, http:\/\/fabian-nehm.de\/wp-content\/uploads\/2021\/04\/MG_0109-768x512.jpg 768w, http:\/\/fabian-nehm.de\/wp-content\/uploads\/2021\/04\/MG_0109-1200x800.jpg 1200w, http:\/\/fabian-nehm.de\/wp-content\/uploads\/2021\/04\/MG_0109.jpg 1500w\" sizes=\"(max-width: 1024px) 100vw, 1024px\" \/><\/a><\/figure><\/li><li class=\"blocks-gallery-item\"><figure><a href=\"http:\/\/fabian-nehm.de\/wp-content\/uploads\/2021\/04\/MG_0116-1.jpg\"><img loading=\"lazy\" width=\"1024\" height=\"683\" src=\"http:\/\/fabian-nehm.de\/wp-content\/uploads\/2021\/04\/MG_0116-1-1024x683.jpg\" alt=\"\" data-id=\"36\" data-full-url=\"http:\/\/fabian-nehm.de\/wp-content\/uploads\/2021\/04\/MG_0116-1.jpg\" data-link=\"http:\/\/fabian-nehm.de\/?attachment_id=36\" class=\"wp-image-36\" srcset=\"http:\/\/fabian-nehm.de\/wp-content\/uploads\/2021\/04\/MG_0116-1-1024x683.jpg 1024w, http:\/\/fabian-nehm.de\/wp-content\/uploads\/2021\/04\/MG_0116-1-300x200.jpg 300w, http:\/\/fabian-nehm.de\/wp-content\/uploads\/2021\/04\/MG_0116-1-768x512.jpg 768w, http:\/\/fabian-nehm.de\/wp-content\/uploads\/2021\/04\/MG_0116-1-1200x800.jpg 1200w, http:\/\/fabian-nehm.de\/wp-content\/uploads\/2021\/04\/MG_0116-1.jpg 1500w\" sizes=\"(max-width: 1024px) 100vw, 1024px\" \/><\/a><\/figure><\/li><\/ul><\/figure>\n\n\n\n<div style=\"height:100px\" aria-hidden=\"true\" class=\"wp-block-spacer\"><\/div>\n\n\n\n<h2>Parkett<\/h2>\n\n\n\n<p>Kunstverein K\u00f6lnberg, 2017 (Einzelausstellung)<\/p>\n\n\n\n<p class=\"has-text-align-justify\">Der K\u00fcnstler Fabian Nehm \u201emalt\u201c sich seine Welt, wie sie ihm gef\u00e4llt.<\/p>\n\n\n\n<p class=\"has-text-align-justify\">Mit einfachen Materialien wie Wellpappe, Stiften und Acrylfarbe gestaltet er je nach Ort und M\u00f6glichkeit eine situative Installation.<\/p>\n\n\n\n<p>Stefanie Klingemann<\/p>\n\n\n\n<figure class=\"wp-block-gallery columns-3 is-cropped\"><ul class=\"blocks-gallery-grid\"><li class=\"blocks-gallery-item\"><figure><a href=\"http:\/\/fabian-nehm.de\/wp-content\/uploads\/2021\/04\/1030584-scaled.jpg\"><img loading=\"lazy\" width=\"1024\" height=\"576\" src=\"http:\/\/fabian-nehm.de\/wp-content\/uploads\/2021\/04\/1030584-1024x576.jpg\" alt=\"\" data-id=\"233\" data-full-url=\"http:\/\/fabian-nehm.de\/wp-content\/uploads\/2021\/04\/1030584-scaled.jpg\" data-link=\"http:\/\/fabian-nehm.de\/index.php\/ausstellungen\/1030584-2\/\" class=\"wp-image-233\" srcset=\"http:\/\/fabian-nehm.de\/wp-content\/uploads\/2021\/04\/1030584-1024x576.jpg 1024w, http:\/\/fabian-nehm.de\/wp-content\/uploads\/2021\/04\/1030584-300x169.jpg 300w, http:\/\/fabian-nehm.de\/wp-content\/uploads\/2021\/04\/1030584-768x432.jpg 768w, http:\/\/fabian-nehm.de\/wp-content\/uploads\/2021\/04\/1030584-1536x864.jpg 1536w, http:\/\/fabian-nehm.de\/wp-content\/uploads\/2021\/04\/1030584-2048x1152.jpg 2048w, http:\/\/fabian-nehm.de\/wp-content\/uploads\/2021\/04\/1030584-1000x563.jpg 1000w\" sizes=\"(max-width: 1024px) 100vw, 1024px\" \/><\/a><\/figure><\/li><li class=\"blocks-gallery-item\"><figure><a href=\"http:\/\/fabian-nehm.de\/wp-content\/uploads\/2021\/04\/1030646-scaled.jpg\"><img loading=\"lazy\" width=\"1024\" height=\"576\" src=\"http:\/\/fabian-nehm.de\/wp-content\/uploads\/2021\/04\/1030646-1024x576.jpg\" alt=\"\" data-id=\"234\" data-full-url=\"http:\/\/fabian-nehm.de\/wp-content\/uploads\/2021\/04\/1030646-scaled.jpg\" data-link=\"http:\/\/fabian-nehm.de\/index.php\/ausstellungen\/1030646-2\/\" class=\"wp-image-234\" srcset=\"http:\/\/fabian-nehm.de\/wp-content\/uploads\/2021\/04\/1030646-1024x576.jpg 1024w, http:\/\/fabian-nehm.de\/wp-content\/uploads\/2021\/04\/1030646-300x169.jpg 300w, http:\/\/fabian-nehm.de\/wp-content\/uploads\/2021\/04\/1030646-768x432.jpg 768w, http:\/\/fabian-nehm.de\/wp-content\/uploads\/2021\/04\/1030646-1536x864.jpg 1536w, http:\/\/fabian-nehm.de\/wp-content\/uploads\/2021\/04\/1030646-2048x1152.jpg 2048w, http:\/\/fabian-nehm.de\/wp-content\/uploads\/2021\/04\/1030646-1000x563.jpg 1000w\" sizes=\"(max-width: 1024px) 100vw, 1024px\" \/><\/a><\/figure><\/li><li class=\"blocks-gallery-item\"><figure><a href=\"http:\/\/fabian-nehm.de\/wp-content\/uploads\/2021\/04\/1030693-scaled.jpg\"><img loading=\"lazy\" width=\"1024\" height=\"560\" src=\"http:\/\/fabian-nehm.de\/wp-content\/uploads\/2021\/04\/1030693-1024x560.jpg\" alt=\"\" data-id=\"235\" data-full-url=\"http:\/\/fabian-nehm.de\/wp-content\/uploads\/2021\/04\/1030693-scaled.jpg\" data-link=\"http:\/\/fabian-nehm.de\/index.php\/ausstellungen\/1030693-2\/\" class=\"wp-image-235\" srcset=\"http:\/\/fabian-nehm.de\/wp-content\/uploads\/2021\/04\/1030693-1024x560.jpg 1024w, http:\/\/fabian-nehm.de\/wp-content\/uploads\/2021\/04\/1030693-300x164.jpg 300w, http:\/\/fabian-nehm.de\/wp-content\/uploads\/2021\/04\/1030693-768x420.jpg 768w, http:\/\/fabian-nehm.de\/wp-content\/uploads\/2021\/04\/1030693-1536x841.jpg 1536w, http:\/\/fabian-nehm.de\/wp-content\/uploads\/2021\/04\/1030693-2048x1121.jpg 2048w, http:\/\/fabian-nehm.de\/wp-content\/uploads\/2021\/04\/1030693-1000x547.jpg 1000w\" sizes=\"(max-width: 1024px) 100vw, 1024px\" \/><\/a><\/figure><\/li><\/ul><\/figure>\n\n\n\n<div style=\"height:100px\" aria-hidden=\"true\" class=\"wp-block-spacer\"><\/div>\n\n\n\n<div class=\"wp-block-group\"><div class=\"wp-block-group__inner-container\">\n<h2>Ziegelsteinhaus &amp; Eine Wolke ist eine Wolke ist eine Wolke<\/h2>\n\n\n\n<p>Aggregatzustand, Kunstverein Dortmund, 2017 <\/p>\n\n\n\n<p>\u00bbIhr k\u00f6nnt jetzt nicht mehr bei mir bleiben meine Kinder. Jeder muss ein Haus f\u00fcr sich selbst haben.\u00ab<\/p>\n\n\n\n<p>&#8230;aus dem M\u00e4rchen \u201eDie drei kleinen Schweinchen\u201c<\/p>\n\n\n\n<figure class=\"wp-block-gallery columns-3 is-cropped\"><ul class=\"blocks-gallery-grid\"><li class=\"blocks-gallery-item\"><figure><a href=\"http:\/\/fabian-nehm.de\/wp-content\/uploads\/2021\/04\/2015_Aggregatzustand_Nehm_Fabian_02-1-scaled.jpg\"><img loading=\"lazy\" width=\"1024\" height=\"683\" src=\"http:\/\/fabian-nehm.de\/wp-content\/uploads\/2021\/04\/2015_Aggregatzustand_Nehm_Fabian_02-1-1024x683.jpg\" alt=\"\" data-id=\"255\" data-full-url=\"http:\/\/fabian-nehm.de\/wp-content\/uploads\/2021\/04\/2015_Aggregatzustand_Nehm_Fabian_02-1-scaled.jpg\" data-link=\"http:\/\/fabian-nehm.de\/index.php\/ausstellungen\/2015_aggregatzustand_nehm_fabian_02-1\/\" class=\"wp-image-255\" srcset=\"http:\/\/fabian-nehm.de\/wp-content\/uploads\/2021\/04\/2015_Aggregatzustand_Nehm_Fabian_02-1-1024x683.jpg 1024w, http:\/\/fabian-nehm.de\/wp-content\/uploads\/2021\/04\/2015_Aggregatzustand_Nehm_Fabian_02-1-300x200.jpg 300w, http:\/\/fabian-nehm.de\/wp-content\/uploads\/2021\/04\/2015_Aggregatzustand_Nehm_Fabian_02-1-768x512.jpg 768w, http:\/\/fabian-nehm.de\/wp-content\/uploads\/2021\/04\/2015_Aggregatzustand_Nehm_Fabian_02-1-1536x1024.jpg 1536w, http:\/\/fabian-nehm.de\/wp-content\/uploads\/2021\/04\/2015_Aggregatzustand_Nehm_Fabian_02-1-2048x1365.jpg 2048w, http:\/\/fabian-nehm.de\/wp-content\/uploads\/2021\/04\/2015_Aggregatzustand_Nehm_Fabian_02-1-1000x667.jpg 1000w\" sizes=\"(max-width: 1024px) 100vw, 1024px\" \/><\/a><\/figure><\/li><li class=\"blocks-gallery-item\"><figure><a href=\"http:\/\/fabian-nehm.de\/wp-content\/uploads\/2021\/04\/2015_Aggregatzustand_Nehm_Fabian_05-scaled.jpg\"><img loading=\"lazy\" width=\"1024\" height=\"683\" src=\"http:\/\/fabian-nehm.de\/wp-content\/uploads\/2021\/04\/2015_Aggregatzustand_Nehm_Fabian_05-1024x683.jpg\" alt=\"\" data-id=\"256\" data-full-url=\"http:\/\/fabian-nehm.de\/wp-content\/uploads\/2021\/04\/2015_Aggregatzustand_Nehm_Fabian_05-scaled.jpg\" data-link=\"http:\/\/fabian-nehm.de\/index.php\/ausstellungen\/2015_aggregatzustand_nehm_fabian_05\/\" class=\"wp-image-256\" srcset=\"http:\/\/fabian-nehm.de\/wp-content\/uploads\/2021\/04\/2015_Aggregatzustand_Nehm_Fabian_05-1024x683.jpg 1024w, http:\/\/fabian-nehm.de\/wp-content\/uploads\/2021\/04\/2015_Aggregatzustand_Nehm_Fabian_05-300x200.jpg 300w, http:\/\/fabian-nehm.de\/wp-content\/uploads\/2021\/04\/2015_Aggregatzustand_Nehm_Fabian_05-768x512.jpg 768w, http:\/\/fabian-nehm.de\/wp-content\/uploads\/2021\/04\/2015_Aggregatzustand_Nehm_Fabian_05-1536x1024.jpg 1536w, http:\/\/fabian-nehm.de\/wp-content\/uploads\/2021\/04\/2015_Aggregatzustand_Nehm_Fabian_05-2048x1365.jpg 2048w, http:\/\/fabian-nehm.de\/wp-content\/uploads\/2021\/04\/2015_Aggregatzustand_Nehm_Fabian_05-1000x667.jpg 1000w\" sizes=\"(max-width: 1024px) 100vw, 1024px\" \/><\/a><\/figure><\/li><li class=\"blocks-gallery-item\"><figure><a href=\"http:\/\/fabian-nehm.de\/wp-content\/uploads\/2021\/04\/2015_Aggregatzustand_Nehm_Fabian_08-scaled.jpg\"><img loading=\"lazy\" width=\"1024\" height=\"683\" src=\"http:\/\/fabian-nehm.de\/wp-content\/uploads\/2021\/04\/2015_Aggregatzustand_Nehm_Fabian_08-1024x683.jpg\" alt=\"\" data-id=\"257\" data-full-url=\"http:\/\/fabian-nehm.de\/wp-content\/uploads\/2021\/04\/2015_Aggregatzustand_Nehm_Fabian_08-scaled.jpg\" data-link=\"http:\/\/fabian-nehm.de\/index.php\/ausstellungen\/2015_aggregatzustand_nehm_fabian_08\/\" class=\"wp-image-257\" srcset=\"http:\/\/fabian-nehm.de\/wp-content\/uploads\/2021\/04\/2015_Aggregatzustand_Nehm_Fabian_08-1024x683.jpg 1024w, http:\/\/fabian-nehm.de\/wp-content\/uploads\/2021\/04\/2015_Aggregatzustand_Nehm_Fabian_08-300x200.jpg 300w, http:\/\/fabian-nehm.de\/wp-content\/uploads\/2021\/04\/2015_Aggregatzustand_Nehm_Fabian_08-768x512.jpg 768w, http:\/\/fabian-nehm.de\/wp-content\/uploads\/2021\/04\/2015_Aggregatzustand_Nehm_Fabian_08-1536x1024.jpg 1536w, http:\/\/fabian-nehm.de\/wp-content\/uploads\/2021\/04\/2015_Aggregatzustand_Nehm_Fabian_08-2048x1365.jpg 2048w, http:\/\/fabian-nehm.de\/wp-content\/uploads\/2021\/04\/2015_Aggregatzustand_Nehm_Fabian_08-1000x667.jpg 1000w\" sizes=\"(max-width: 1024px) 100vw, 1024px\" \/><\/a><\/figure><\/li><\/ul><\/figure>\n<\/div><\/div>\n\n\n\n<div style=\"height:100px\" aria-hidden=\"true\" class=\"wp-block-spacer\"><\/div>\n\n\n\n<h2>Zypresse &#8211; 3 St\u00fcck<\/h2>\n\n\n\n<p>Rundgangsausstellung der Kunstakademie M\u00fcnster, 2016<\/p>\n\n\n\n<p class=\"has-text-align-justify\">Als&nbsp;Ziergarten&nbsp;bezeichnet man einen&nbsp;Garten, der im Gegensatz zum so genannten&nbsp;Nutzgarten&nbsp;nicht vorrangig dem Anbau und der Verwertung von&nbsp;Nutzpflanzen&nbsp;dient. In einem Ziergarten werden Pflanzen lediglich aufgrund gestalterischer und \u00e4sthetischer Aspekte in unterschiedlichen Kombinationen verwendet.<\/p>\n\n\n\n<p class=\"has-text-align-justify\">Neben der Funktion als St\u00e4tte der Erholung des Menschen kann er auch der Repr\u00e4sentation oder der k\u00fcnstlerischen Selbstverwirklichung dienen. In der Malerei, der Literatur und im Film sind Zierg\u00e4rten bzw. G\u00e4rten allgemein ein beliebtes&nbsp;Sujet.<\/p>\n\n\n\n<figure class=\"wp-block-gallery columns-2 is-cropped\"><ul class=\"blocks-gallery-grid\"><li class=\"blocks-gallery-item\"><figure><a href=\"http:\/\/fabian-nehm.de\/wp-content\/uploads\/2021\/04\/1030230-scaled.jpg\"><img loading=\"lazy\" width=\"1024\" height=\"576\" src=\"http:\/\/fabian-nehm.de\/wp-content\/uploads\/2021\/04\/1030230-1024x576.jpg\" alt=\"\" data-id=\"241\" data-full-url=\"http:\/\/fabian-nehm.de\/wp-content\/uploads\/2021\/04\/1030230-scaled.jpg\" data-link=\"http:\/\/fabian-nehm.de\/index.php\/ausstellungen\/attachment\/1030230\/\" class=\"wp-image-241\" srcset=\"http:\/\/fabian-nehm.de\/wp-content\/uploads\/2021\/04\/1030230-1024x576.jpg 1024w, http:\/\/fabian-nehm.de\/wp-content\/uploads\/2021\/04\/1030230-300x169.jpg 300w, http:\/\/fabian-nehm.de\/wp-content\/uploads\/2021\/04\/1030230-768x432.jpg 768w, http:\/\/fabian-nehm.de\/wp-content\/uploads\/2021\/04\/1030230-1536x864.jpg 1536w, http:\/\/fabian-nehm.de\/wp-content\/uploads\/2021\/04\/1030230-2048x1152.jpg 2048w, http:\/\/fabian-nehm.de\/wp-content\/uploads\/2021\/04\/1030230-1000x563.jpg 1000w\" sizes=\"(max-width: 1024px) 100vw, 1024px\" \/><\/a><\/figure><\/li><li class=\"blocks-gallery-item\"><figure><a href=\"http:\/\/fabian-nehm.de\/wp-content\/uploads\/2021\/04\/Rundgang_Impressionen_05-scaled.jpg\"><img loading=\"lazy\" width=\"1024\" height=\"683\" src=\"http:\/\/fabian-nehm.de\/wp-content\/uploads\/2021\/04\/Rundgang_Impressionen_05-1024x683.jpg\" alt=\"\" data-id=\"242\" data-full-url=\"http:\/\/fabian-nehm.de\/wp-content\/uploads\/2021\/04\/Rundgang_Impressionen_05-scaled.jpg\" data-link=\"http:\/\/fabian-nehm.de\/index.php\/ausstellungen\/rundgang_impressionen_05\/\" class=\"wp-image-242\" srcset=\"http:\/\/fabian-nehm.de\/wp-content\/uploads\/2021\/04\/Rundgang_Impressionen_05-1024x683.jpg 1024w, http:\/\/fabian-nehm.de\/wp-content\/uploads\/2021\/04\/Rundgang_Impressionen_05-300x200.jpg 300w, http:\/\/fabian-nehm.de\/wp-content\/uploads\/2021\/04\/Rundgang_Impressionen_05-768x512.jpg 768w, http:\/\/fabian-nehm.de\/wp-content\/uploads\/2021\/04\/Rundgang_Impressionen_05-1536x1024.jpg 1536w, http:\/\/fabian-nehm.de\/wp-content\/uploads\/2021\/04\/Rundgang_Impressionen_05-2048x1365.jpg 2048w, http:\/\/fabian-nehm.de\/wp-content\/uploads\/2021\/04\/Rundgang_Impressionen_05-1000x667.jpg 1000w\" sizes=\"(max-width: 1024px) 100vw, 1024px\" \/><\/a><\/figure><\/li><\/ul><\/figure>\n\n\n\n<div style=\"height:100px\" aria-hidden=\"true\" class=\"wp-block-spacer\"><\/div>\n\n\n\n<div class=\"wp-block-group\"><div class=\"wp-block-group__inner-container\">\n<h2>Parkett<\/h2>\n\n\n\n<p>F\u00f6rderpreisaustellung der Freunde der Kunstakademie M\u00fcnster, 2016<\/p>\n\n\n\n<figure class=\"wp-block-gallery columns-4 is-cropped\"><ul class=\"blocks-gallery-grid\"><li class=\"blocks-gallery-item\"><figure><img loading=\"lazy\" width=\"647\" height=\"1024\" src=\"http:\/\/fabian-nehm.de\/wp-content\/uploads\/2021\/04\/1030307-647x1024.jpg\" alt=\"\" data-id=\"277\" data-full-url=\"http:\/\/fabian-nehm.de\/wp-content\/uploads\/2021\/04\/1030307-scaled.jpg\" data-link=\"http:\/\/fabian-nehm.de\/index.php\/ausstellungen\/attachment\/1030307\/\" class=\"wp-image-277\" srcset=\"http:\/\/fabian-nehm.de\/wp-content\/uploads\/2021\/04\/1030307-647x1024.jpg 647w, http:\/\/fabian-nehm.de\/wp-content\/uploads\/2021\/04\/1030307-190x300.jpg 190w, http:\/\/fabian-nehm.de\/wp-content\/uploads\/2021\/04\/1030307-768x1215.jpg 768w, http:\/\/fabian-nehm.de\/wp-content\/uploads\/2021\/04\/1030307-971x1536.jpg 971w, http:\/\/fabian-nehm.de\/wp-content\/uploads\/2021\/04\/1030307-1294x2048.jpg 1294w, http:\/\/fabian-nehm.de\/wp-content\/uploads\/2021\/04\/1030307-1000x1583.jpg 1000w, http:\/\/fabian-nehm.de\/wp-content\/uploads\/2021\/04\/1030307-scaled.jpg 1618w\" sizes=\"(max-width: 647px) 100vw, 647px\" \/><\/figure><\/li><li class=\"blocks-gallery-item\"><figure><img loading=\"lazy\" width=\"576\" height=\"1024\" src=\"http:\/\/fabian-nehm.de\/wp-content\/uploads\/2021\/04\/1030311-576x1024.jpg\" alt=\"\" data-id=\"278\" data-full-url=\"http:\/\/fabian-nehm.de\/wp-content\/uploads\/2021\/04\/1030311-scaled.jpg\" data-link=\"http:\/\/fabian-nehm.de\/index.php\/ausstellungen\/attachment\/1030311\/\" class=\"wp-image-278\" srcset=\"http:\/\/fabian-nehm.de\/wp-content\/uploads\/2021\/04\/1030311-576x1024.jpg 576w, http:\/\/fabian-nehm.de\/wp-content\/uploads\/2021\/04\/1030311-169x300.jpg 169w, http:\/\/fabian-nehm.de\/wp-content\/uploads\/2021\/04\/1030311-768x1365.jpg 768w, http:\/\/fabian-nehm.de\/wp-content\/uploads\/2021\/04\/1030311-864x1536.jpg 864w, http:\/\/fabian-nehm.de\/wp-content\/uploads\/2021\/04\/1030311-1152x2048.jpg 1152w, http:\/\/fabian-nehm.de\/wp-content\/uploads\/2021\/04\/1030311-1000x1777.jpg 1000w, http:\/\/fabian-nehm.de\/wp-content\/uploads\/2021\/04\/1030311-scaled.jpg 1441w\" sizes=\"(max-width: 576px) 100vw, 576px\" \/><\/figure><\/li><li class=\"blocks-gallery-item\"><figure><img loading=\"lazy\" width=\"1024\" height=\"576\" src=\"http:\/\/fabian-nehm.de\/wp-content\/uploads\/2021\/04\/1030348-1024x576.jpg\" alt=\"\" data-id=\"279\" data-full-url=\"http:\/\/fabian-nehm.de\/wp-content\/uploads\/2021\/04\/1030348-scaled.jpg\" data-link=\"http:\/\/fabian-nehm.de\/index.php\/ausstellungen\/attachment\/1030348\/\" class=\"wp-image-279\" srcset=\"http:\/\/fabian-nehm.de\/wp-content\/uploads\/2021\/04\/1030348-1024x576.jpg 1024w, http:\/\/fabian-nehm.de\/wp-content\/uploads\/2021\/04\/1030348-300x169.jpg 300w, http:\/\/fabian-nehm.de\/wp-content\/uploads\/2021\/04\/1030348-768x432.jpg 768w, http:\/\/fabian-nehm.de\/wp-content\/uploads\/2021\/04\/1030348-1536x864.jpg 1536w, http:\/\/fabian-nehm.de\/wp-content\/uploads\/2021\/04\/1030348-2048x1152.jpg 2048w, http:\/\/fabian-nehm.de\/wp-content\/uploads\/2021\/04\/1030348-1000x563.jpg 1000w\" sizes=\"(max-width: 1024px) 100vw, 1024px\" \/><\/figure><\/li><li class=\"blocks-gallery-item\"><figure><img loading=\"lazy\" width=\"1024\" height=\"576\" src=\"http:\/\/fabian-nehm.de\/wp-content\/uploads\/2021\/04\/1030401-1024x576.jpg\" alt=\"\" data-id=\"280\" data-full-url=\"http:\/\/fabian-nehm.de\/wp-content\/uploads\/2021\/04\/1030401-scaled.jpg\" data-link=\"http:\/\/fabian-nehm.de\/index.php\/ausstellungen\/attachment\/1030401\/\" class=\"wp-image-280\" srcset=\"http:\/\/fabian-nehm.de\/wp-content\/uploads\/2021\/04\/1030401-1024x576.jpg 1024w, http:\/\/fabian-nehm.de\/wp-content\/uploads\/2021\/04\/1030401-300x169.jpg 300w, http:\/\/fabian-nehm.de\/wp-content\/uploads\/2021\/04\/1030401-768x432.jpg 768w, http:\/\/fabian-nehm.de\/wp-content\/uploads\/2021\/04\/1030401-1536x864.jpg 1536w, http:\/\/fabian-nehm.de\/wp-content\/uploads\/2021\/04\/1030401-2048x1152.jpg 2048w, http:\/\/fabian-nehm.de\/wp-content\/uploads\/2021\/04\/1030401-1000x563.jpg 1000w\" sizes=\"(max-width: 1024px) 100vw, 1024px\" \/><\/figure><\/li><\/ul><\/figure>\n<\/div><\/div>\n\n\n\n<div style=\"height:100px\" aria-hidden=\"true\" class=\"wp-block-spacer\"><\/div>\n\n\n\n<h2>Eis am Stiel<\/h2>\n\n\n\n<p>RICETTE D\u2018ARTISTA &#8211; zwischen Kunst und K\u00fcche, Kunst Mera\/merano Arte, 2015 <\/p>\n\n\n\n<p class=\"has-text-align-justify\">Die Parallelen zwischen Kunst und Kochen sind un\u00fcbersehbar: Beides hat mit Sinnlichkeit, aber auch mit bewusster Komposition und \u00c4sthetik zu tun. Sowohl im Atelier des K\u00fcnstlers als auch in der K\u00fcche wird mit Rohstoffen und Rezepten experimentiert, um etwas Neues entstehen zu lassen. Erst die Kombination der richtigen Ingredienzien f\u00fchrt zu gelungenen Kunstwerken bzw. Speisen. Ebenso wie Kunst mehr ist als blo\u00dfe Dekoration, soll Essen nicht nur satt machen. Beides soll die Sinne anregen, wobei der Genuss stets subjektiv und individuell verschieden ist.<\/p>\n\n\n\n<p class=\"has-text-align-justify\">Die bildende Kunst hat sich seit jeher mit dem Thema \u201eEssen\u201c befasst. Das Spektrum reicht von Stillleben mit \u00fcppigen Fr\u00fcchtetellern der alten Meister und dem Abendmahl von Leonardo da Vinci bis hin zu der Honigpumpe von Joseph Beuys und der Kunstrichtung \u201eEat Art\u201c. Auch das Kochen wurde zur Kunst und der Koch zum K\u00fcnstler erkl\u00e4rt. Zur documenta XII (2007) wurde als allererste K\u00fcnstler Ferran Adri\u00e0, Star der Molekulark\u00fcche, eingeladen und sein Restaurant elBulli zum Bestandteil der Ausstellung erkl\u00e4rt.<\/p>\n\n\n\n<p class=\"has-text-align-justify\">Anl\u00e4sslich der im Fr\u00fchjahr 2015 in Meran stattfindenden \u201eFoodie Factory\u201c stellt das Kunsthaus \u201eKunst Meran\u201c in der Ausstellung \u201eRicette d\u2019Artista. Zwischen Kunst und K\u00fcche\u201c zahlreiche Querbez\u00fcge zwischen dem Produzieren von Kunst im Atelier und dem Zubereiten von Speisen in der K\u00fcche vor. (&#8230;)<\/p>\n\n\n\n<figure class=\"wp-block-gallery columns-3 is-cropped\"><ul class=\"blocks-gallery-grid\"><li class=\"blocks-gallery-item\"><figure><a href=\"http:\/\/fabian-nehm.de\/wp-content\/uploads\/2021\/04\/IMG_2310-Arbeitskopie-2-scaled.jpg\"><img loading=\"lazy\" width=\"1024\" height=\"683\" src=\"http:\/\/fabian-nehm.de\/wp-content\/uploads\/2021\/04\/IMG_2310-Arbeitskopie-2-1024x683.jpg\" alt=\"\" data-id=\"261\" data-full-url=\"http:\/\/fabian-nehm.de\/wp-content\/uploads\/2021\/04\/IMG_2310-Arbeitskopie-2-scaled.jpg\" data-link=\"http:\/\/fabian-nehm.de\/index.php\/ausstellungen\/img_2310-arbeitskopie-2\/\" class=\"wp-image-261\" srcset=\"http:\/\/fabian-nehm.de\/wp-content\/uploads\/2021\/04\/IMG_2310-Arbeitskopie-2-1024x683.jpg 1024w, http:\/\/fabian-nehm.de\/wp-content\/uploads\/2021\/04\/IMG_2310-Arbeitskopie-2-300x200.jpg 300w, http:\/\/fabian-nehm.de\/wp-content\/uploads\/2021\/04\/IMG_2310-Arbeitskopie-2-768x512.jpg 768w, http:\/\/fabian-nehm.de\/wp-content\/uploads\/2021\/04\/IMG_2310-Arbeitskopie-2-1536x1025.jpg 1536w, http:\/\/fabian-nehm.de\/wp-content\/uploads\/2021\/04\/IMG_2310-Arbeitskopie-2-2048x1367.jpg 2048w, http:\/\/fabian-nehm.de\/wp-content\/uploads\/2021\/04\/IMG_2310-Arbeitskopie-2-1000x667.jpg 1000w\" sizes=\"(max-width: 1024px) 100vw, 1024px\" \/><\/a><\/figure><\/li><li class=\"blocks-gallery-item\"><figure><a href=\"http:\/\/fabian-nehm.de\/wp-content\/uploads\/2021\/04\/Flutschfinger_60x50_Oel_auf_Leinwand_2015.jpg\"><img loading=\"lazy\" width=\"812\" height=\"1024\" src=\"http:\/\/fabian-nehm.de\/wp-content\/uploads\/2021\/04\/Flutschfinger_60x50_Oel_auf_Leinwand_2015-812x1024.jpg\" alt=\"\" data-id=\"260\" data-full-url=\"http:\/\/fabian-nehm.de\/wp-content\/uploads\/2021\/04\/Flutschfinger_60x50_Oel_auf_Leinwand_2015.jpg\" data-link=\"http:\/\/fabian-nehm.de\/index.php\/ausstellungen\/flutschfinger_60x50_oel_auf_leinwand_2015\/\" class=\"wp-image-260\" srcset=\"http:\/\/fabian-nehm.de\/wp-content\/uploads\/2021\/04\/Flutschfinger_60x50_Oel_auf_Leinwand_2015-812x1024.jpg 812w, http:\/\/fabian-nehm.de\/wp-content\/uploads\/2021\/04\/Flutschfinger_60x50_Oel_auf_Leinwand_2015-238x300.jpg 238w, http:\/\/fabian-nehm.de\/wp-content\/uploads\/2021\/04\/Flutschfinger_60x50_Oel_auf_Leinwand_2015-768x968.jpg 768w, http:\/\/fabian-nehm.de\/wp-content\/uploads\/2021\/04\/Flutschfinger_60x50_Oel_auf_Leinwand_2015-1218x1536.jpg 1218w, http:\/\/fabian-nehm.de\/wp-content\/uploads\/2021\/04\/Flutschfinger_60x50_Oel_auf_Leinwand_2015-1000x1261.jpg 1000w, http:\/\/fabian-nehm.de\/wp-content\/uploads\/2021\/04\/Flutschfinger_60x50_Oel_auf_Leinwand_2015.jpg 1415w\" sizes=\"(max-width: 812px) 100vw, 812px\" \/><\/a><\/figure><\/li><li class=\"blocks-gallery-item\"><figure><a href=\"http:\/\/fabian-nehm.de\/wp-content\/uploads\/2021\/04\/IMG_2357-scaled.jpg\"><img loading=\"lazy\" width=\"1024\" height=\"768\" src=\"http:\/\/fabian-nehm.de\/wp-content\/uploads\/2021\/04\/IMG_2357-1024x768.jpg\" alt=\"\" data-id=\"262\" data-full-url=\"http:\/\/fabian-nehm.de\/wp-content\/uploads\/2021\/04\/IMG_2357-scaled.jpg\" data-link=\"http:\/\/fabian-nehm.de\/index.php\/ausstellungen\/img_2357\/\" class=\"wp-image-262\" srcset=\"http:\/\/fabian-nehm.de\/wp-content\/uploads\/2021\/04\/IMG_2357-1024x768.jpg 1024w, http:\/\/fabian-nehm.de\/wp-content\/uploads\/2021\/04\/IMG_2357-300x225.jpg 300w, http:\/\/fabian-nehm.de\/wp-content\/uploads\/2021\/04\/IMG_2357-768x576.jpg 768w, http:\/\/fabian-nehm.de\/wp-content\/uploads\/2021\/04\/IMG_2357-1536x1152.jpg 1536w, http:\/\/fabian-nehm.de\/wp-content\/uploads\/2021\/04\/IMG_2357-2048x1536.jpg 2048w, http:\/\/fabian-nehm.de\/wp-content\/uploads\/2021\/04\/IMG_2357-1000x750.jpg 1000w\" sizes=\"(max-width: 1024px) 100vw, 1024px\" \/><\/a><\/figure><\/li><\/ul><\/figure>\n\n\n\n<div style=\"height:100px\" aria-hidden=\"true\" class=\"wp-block-spacer\"><\/div>\n\n\n\n<h2>Ziegelsteinhaus<\/h2>\n\n\n\n<p>Galerie im Park Viersen, 2015<\/p>\n\n\n\n<figure class=\"wp-block-gallery columns-4 is-cropped\"><ul class=\"blocks-gallery-grid\"><li class=\"blocks-gallery-item\"><figure><a href=\"http:\/\/fabian-nehm.de\/wp-content\/uploads\/2021\/04\/Haus_Galerei_im_Park_1-Kopie-scaled.jpg\"><img loading=\"lazy\" width=\"683\" height=\"1024\" src=\"http:\/\/fabian-nehm.de\/wp-content\/uploads\/2021\/04\/Haus_Galerei_im_Park_1-Kopie-683x1024.jpg\" alt=\"\" data-id=\"265\" data-full-url=\"http:\/\/fabian-nehm.de\/wp-content\/uploads\/2021\/04\/Haus_Galerei_im_Park_1-Kopie-scaled.jpg\" data-link=\"http:\/\/fabian-nehm.de\/index.php\/ausstellungen\/sony-dsc\/\" class=\"wp-image-265\" srcset=\"http:\/\/fabian-nehm.de\/wp-content\/uploads\/2021\/04\/Haus_Galerei_im_Park_1-Kopie-683x1024.jpg 683w, http:\/\/fabian-nehm.de\/wp-content\/uploads\/2021\/04\/Haus_Galerei_im_Park_1-Kopie-200x300.jpg 200w, http:\/\/fabian-nehm.de\/wp-content\/uploads\/2021\/04\/Haus_Galerei_im_Park_1-Kopie-768x1152.jpg 768w, http:\/\/fabian-nehm.de\/wp-content\/uploads\/2021\/04\/Haus_Galerei_im_Park_1-Kopie-1024x1536.jpg 1024w, http:\/\/fabian-nehm.de\/wp-content\/uploads\/2021\/04\/Haus_Galerei_im_Park_1-Kopie-1365x2048.jpg 1365w, http:\/\/fabian-nehm.de\/wp-content\/uploads\/2021\/04\/Haus_Galerei_im_Park_1-Kopie-1000x1500.jpg 1000w, http:\/\/fabian-nehm.de\/wp-content\/uploads\/2021\/04\/Haus_Galerei_im_Park_1-Kopie-scaled.jpg 1707w\" sizes=\"(max-width: 683px) 100vw, 683px\" \/><\/a><\/figure><\/li><li class=\"blocks-gallery-item\"><figure><a href=\"http:\/\/fabian-nehm.de\/wp-content\/uploads\/2021\/04\/Haus_Galerei_im_Park_2-scaled.jpg\"><img loading=\"lazy\" width=\"1024\" height=\"683\" src=\"http:\/\/fabian-nehm.de\/wp-content\/uploads\/2021\/04\/Haus_Galerei_im_Park_2-1024x683.jpg\" alt=\"\" data-id=\"266\" data-full-url=\"http:\/\/fabian-nehm.de\/wp-content\/uploads\/2021\/04\/Haus_Galerei_im_Park_2-scaled.jpg\" data-link=\"http:\/\/fabian-nehm.de\/index.php\/ausstellungen\/sony-dsc-2\/\" class=\"wp-image-266\" srcset=\"http:\/\/fabian-nehm.de\/wp-content\/uploads\/2021\/04\/Haus_Galerei_im_Park_2-1024x683.jpg 1024w, http:\/\/fabian-nehm.de\/wp-content\/uploads\/2021\/04\/Haus_Galerei_im_Park_2-300x200.jpg 300w, http:\/\/fabian-nehm.de\/wp-content\/uploads\/2021\/04\/Haus_Galerei_im_Park_2-768x512.jpg 768w, http:\/\/fabian-nehm.de\/wp-content\/uploads\/2021\/04\/Haus_Galerei_im_Park_2-1536x1024.jpg 1536w, http:\/\/fabian-nehm.de\/wp-content\/uploads\/2021\/04\/Haus_Galerei_im_Park_2-2048x1365.jpg 2048w, http:\/\/fabian-nehm.de\/wp-content\/uploads\/2021\/04\/Haus_Galerei_im_Park_2-1000x667.jpg 1000w\" sizes=\"(max-width: 1024px) 100vw, 1024px\" \/><\/a><\/figure><\/li><li class=\"blocks-gallery-item\"><figure><a href=\"http:\/\/fabian-nehm.de\/wp-content\/uploads\/2021\/04\/Haus_Galerei_im_Park_3-scaled.jpg\"><img loading=\"lazy\" width=\"683\" height=\"1024\" src=\"http:\/\/fabian-nehm.de\/wp-content\/uploads\/2021\/04\/Haus_Galerei_im_Park_3-683x1024.jpg\" alt=\"\" data-id=\"267\" data-full-url=\"http:\/\/fabian-nehm.de\/wp-content\/uploads\/2021\/04\/Haus_Galerei_im_Park_3-scaled.jpg\" data-link=\"http:\/\/fabian-nehm.de\/index.php\/ausstellungen\/sony-dsc-3\/\" class=\"wp-image-267\" srcset=\"http:\/\/fabian-nehm.de\/wp-content\/uploads\/2021\/04\/Haus_Galerei_im_Park_3-683x1024.jpg 683w, http:\/\/fabian-nehm.de\/wp-content\/uploads\/2021\/04\/Haus_Galerei_im_Park_3-200x300.jpg 200w, http:\/\/fabian-nehm.de\/wp-content\/uploads\/2021\/04\/Haus_Galerei_im_Park_3-768x1152.jpg 768w, http:\/\/fabian-nehm.de\/wp-content\/uploads\/2021\/04\/Haus_Galerei_im_Park_3-1024x1536.jpg 1024w, http:\/\/fabian-nehm.de\/wp-content\/uploads\/2021\/04\/Haus_Galerei_im_Park_3-1365x2048.jpg 1365w, http:\/\/fabian-nehm.de\/wp-content\/uploads\/2021\/04\/Haus_Galerei_im_Park_3-1000x1500.jpg 1000w, http:\/\/fabian-nehm.de\/wp-content\/uploads\/2021\/04\/Haus_Galerei_im_Park_3-scaled.jpg 1707w\" sizes=\"(max-width: 683px) 100vw, 683px\" \/><\/a><\/figure><\/li><li class=\"blocks-gallery-item\"><figure><a href=\"http:\/\/fabian-nehm.de\/wp-content\/uploads\/2021\/04\/Haus_Galerei_im_Park_4-scaled.jpg\"><img loading=\"lazy\" width=\"683\" height=\"1024\" src=\"http:\/\/fabian-nehm.de\/wp-content\/uploads\/2021\/04\/Haus_Galerei_im_Park_4-683x1024.jpg\" alt=\"\" data-id=\"268\" data-full-url=\"http:\/\/fabian-nehm.de\/wp-content\/uploads\/2021\/04\/Haus_Galerei_im_Park_4-scaled.jpg\" data-link=\"http:\/\/fabian-nehm.de\/index.php\/ausstellungen\/sony-dsc-4\/\" class=\"wp-image-268\" srcset=\"http:\/\/fabian-nehm.de\/wp-content\/uploads\/2021\/04\/Haus_Galerei_im_Park_4-683x1024.jpg 683w, http:\/\/fabian-nehm.de\/wp-content\/uploads\/2021\/04\/Haus_Galerei_im_Park_4-200x300.jpg 200w, http:\/\/fabian-nehm.de\/wp-content\/uploads\/2021\/04\/Haus_Galerei_im_Park_4-768x1152.jpg 768w, http:\/\/fabian-nehm.de\/wp-content\/uploads\/2021\/04\/Haus_Galerei_im_Park_4-1024x1536.jpg 1024w, http:\/\/fabian-nehm.de\/wp-content\/uploads\/2021\/04\/Haus_Galerei_im_Park_4-1365x2048.jpg 1365w, http:\/\/fabian-nehm.de\/wp-content\/uploads\/2021\/04\/Haus_Galerei_im_Park_4-1000x1500.jpg 1000w, http:\/\/fabian-nehm.de\/wp-content\/uploads\/2021\/04\/Haus_Galerei_im_Park_4-scaled.jpg 1707w\" sizes=\"(max-width: 683px) 100vw, 683px\" \/><\/a><\/figure><\/li><\/ul><\/figure>\n\n\n\n<div style=\"height:100px\" aria-hidden=\"true\" class=\"wp-block-spacer\"><\/div>\n","protected":false},"excerpt":{"rendered":"<p>(Auswahl) Eiche Rustikal Abschlussausstellung in der Kunstakademie M\u00fcnster, 2019 Was sehen wir? Stehend, liegend, lehnend. Wenn man formal auf die Arbeit von Fabian Nehm schaut k\u00f6nnte man davon ausgehen das es sich um eine Minimalistische Erprobung von Objekten im Bezug zum Raum geht. Ein weiterer Schritt w\u00e4re die Vergleichbarkeit mit der Dekormalerei die eine lange [&hellip;]<\/p>\n","protected":false},"author":1,"featured_media":0,"parent":0,"menu_order":0,"comment_status":"closed","ping_status":"closed","template":"","meta":{"_editorskit_title_hidden":false,"_editorskit_reading_time":3},"yoast_head":"<!-- This site is optimized with the Yoast SEO plugin v16.1.1 - https:\/\/yoast.com\/wordpress\/plugins\/seo\/ -->\n<title>Ausstellungen - Fabian Nehm<\/title>\n<link rel=\"canonical\" href=\"https:\/\/fabian-nehm.de\/index.php\/ausstellungen\/\" \/>\n<meta property=\"og:locale\" content=\"de_DE\" \/>\n<meta property=\"og:type\" content=\"article\" \/>\n<meta property=\"og:title\" content=\"Ausstellungen - Fabian Nehm\" \/>\n<meta property=\"og:description\" content=\"(Auswahl) Eiche Rustikal Abschlussausstellung in der Kunstakademie M\u00fcnster, 2019 Was sehen wir? Stehend, liegend, lehnend. Wenn man formal auf die Arbeit von Fabian Nehm schaut k\u00f6nnte man davon ausgehen das es sich um eine Minimalistische Erprobung von Objekten im Bezug zum Raum geht. Ein weiterer Schritt w\u00e4re die Vergleichbarkeit mit der Dekormalerei die eine lange [&hellip;]\" \/>\n<meta property=\"og:url\" content=\"https:\/\/fabian-nehm.de\/index.php\/ausstellungen\/\" \/>\n<meta property=\"og:site_name\" content=\"Fabian Nehm\" \/>\n<meta property=\"article:modified_time\" content=\"2021-04-21T11:52:29+00:00\" \/>\n<meta property=\"og:image\" content=\"http:\/\/fabian-nehm.de\/wp-content\/uploads\/2021\/04\/MG_0112-1024x683.jpg\" \/>\n<meta name=\"twitter:card\" content=\"summary_large_image\" \/>\n<meta name=\"twitter:label1\" content=\"Gesch\u00e4tzte Lesezeit\">\n\t<meta name=\"twitter:data1\" content=\"8\u00a0Minuten\">\n<script type=\"application\/ld+json\" class=\"yoast-schema-graph\">{\"@context\":\"https:\/\/schema.org\",\"@graph\":[{\"@type\":[\"Person\",\"Organization\"],\"@id\":\"http:\/\/fabian-nehm.de\/#\/schema\/person\/c856421c6dbf46de0ddbf2fda1871c1e\",\"name\":\"admin8724\",\"image\":{\"@type\":\"ImageObject\",\"@id\":\"http:\/\/fabian-nehm.de\/#personlogo\",\"inLanguage\":\"de\",\"url\":\"http:\/\/1.gravatar.com\/avatar\/ac2da5957415f8021384cc27e79aaead?s=96&d=mm&r=g\",\"contentUrl\":\"http:\/\/1.gravatar.com\/avatar\/ac2da5957415f8021384cc27e79aaead?s=96&d=mm&r=g\",\"caption\":\"admin8724\"},\"logo\":{\"@id\":\"http:\/\/fabian-nehm.de\/#personlogo\"},\"sameAs\":[\"http:\/\/fabian-nehm.de\"]},{\"@type\":\"WebSite\",\"@id\":\"http:\/\/fabian-nehm.de\/#website\",\"url\":\"http:\/\/fabian-nehm.de\/\",\"name\":\"Fabian Nehm\",\"description\":\"Auf dieser Seite stelle ich Ihnen eine Auswahl meiner Arbeiten vor...\",\"publisher\":{\"@id\":\"http:\/\/fabian-nehm.de\/#\/schema\/person\/c856421c6dbf46de0ddbf2fda1871c1e\"},\"potentialAction\":[{\"@type\":\"SearchAction\",\"target\":\"http:\/\/fabian-nehm.de\/?s={search_term_string}\",\"query-input\":\"required name=search_term_string\"}],\"inLanguage\":\"de\"},{\"@type\":\"ImageObject\",\"@id\":\"https:\/\/fabian-nehm.de\/index.php\/ausstellungen\/#primaryimage\",\"inLanguage\":\"de\",\"url\":\"http:\/\/fabian-nehm.de\/wp-content\/uploads\/2021\/04\/MG_0112.jpg\",\"contentUrl\":\"http:\/\/fabian-nehm.de\/wp-content\/uploads\/2021\/04\/MG_0112.jpg\",\"width\":1500,\"height\":1000},{\"@type\":\"WebPage\",\"@id\":\"https:\/\/fabian-nehm.de\/index.php\/ausstellungen\/#webpage\",\"url\":\"https:\/\/fabian-nehm.de\/index.php\/ausstellungen\/\",\"name\":\"Ausstellungen - Fabian Nehm\",\"isPartOf\":{\"@id\":\"http:\/\/fabian-nehm.de\/#website\"},\"primaryImageOfPage\":{\"@id\":\"https:\/\/fabian-nehm.de\/index.php\/ausstellungen\/#primaryimage\"},\"datePublished\":\"2021-04-20T15:29:11+00:00\",\"dateModified\":\"2021-04-21T11:52:29+00:00\",\"breadcrumb\":{\"@id\":\"https:\/\/fabian-nehm.de\/index.php\/ausstellungen\/#breadcrumb\"},\"inLanguage\":\"de\",\"potentialAction\":[{\"@type\":\"ReadAction\",\"target\":[\"https:\/\/fabian-nehm.de\/index.php\/ausstellungen\/\"]}]},{\"@type\":\"BreadcrumbList\",\"@id\":\"https:\/\/fabian-nehm.de\/index.php\/ausstellungen\/#breadcrumb\",\"itemListElement\":[{\"@type\":\"ListItem\",\"position\":1,\"item\":{\"@type\":\"WebPage\",\"@id\":\"http:\/\/fabian-nehm.de\/\",\"url\":\"http:\/\/fabian-nehm.de\/\",\"name\":\"Startseite\"}},{\"@type\":\"ListItem\",\"position\":2,\"item\":{\"@type\":\"WebPage\",\"@id\":\"https:\/\/fabian-nehm.de\/index.php\/ausstellungen\/\",\"url\":\"https:\/\/fabian-nehm.de\/index.php\/ausstellungen\/\",\"name\":\"Ausstellungen\"}}]}]}<\/script>\n<!-- \/ Yoast SEO plugin. -->","_links":{"self":[{"href":"http:\/\/fabian-nehm.de\/index.php\/wp-json\/wp\/v2\/pages\/187"}],"collection":[{"href":"http:\/\/fabian-nehm.de\/index.php\/wp-json\/wp\/v2\/pages"}],"about":[{"href":"http:\/\/fabian-nehm.de\/index.php\/wp-json\/wp\/v2\/types\/page"}],"author":[{"embeddable":true,"href":"http:\/\/fabian-nehm.de\/index.php\/wp-json\/wp\/v2\/users\/1"}],"replies":[{"embeddable":true,"href":"http:\/\/fabian-nehm.de\/index.php\/wp-json\/wp\/v2\/comments?post=187"}],"version-history":[{"count":40,"href":"http:\/\/fabian-nehm.de\/index.php\/wp-json\/wp\/v2\/pages\/187\/revisions"}],"predecessor-version":[{"id":350,"href":"http:\/\/fabian-nehm.de\/index.php\/wp-json\/wp\/v2\/pages\/187\/revisions\/350"}],"wp:attachment":[{"href":"http:\/\/fabian-nehm.de\/index.php\/wp-json\/wp\/v2\/media?parent=187"}],"curies":[{"name":"wp","href":"https:\/\/api.w.org\/{rel}","templated":true}]}}